{"id":263,"date":"2017-04-23T19:29:42","date_gmt":"2017-04-23T17:29:42","guid":{"rendered":"http:\/\/www.andreschulz.de\/wordpress\/?page_id=263"},"modified":"2025-12-16T10:09:02","modified_gmt":"2025-12-16T09:09:02","slug":"interview","status":"publish","type":"page","link":"http:\/\/www.andreschulz.de\/wordpress\/interview\/","title":{"rendered":"Interviews"},"content":{"rendered":"\n<p>Interview mit dem Pr\u00e4sidenten des Nieders\u00e4chsischen Schachbundes, Michael S. Langer (2025)<\/p>\n\n\n\n<figure class=\"wp-block-embed is-type-rich is-provider-handler-einbetten wp-block-embed-handler-einbetten wp-embed-aspect-16-9 wp-has-aspect-ratio\"><div class=\"wp-block-embed__wrapper\">\n<iframe loading=\"lazy\" title=\"Michael S. Langer zur Situation im Schachbund\" width=\"500\" height=\"281\" src=\"https:\/\/www.youtube.com\/embed\/0DB_lsDFwzk?feature=oembed\" frameborder=\"0\" allow=\"accelerometer; autoplay; clipboard-write; encrypted-media; gyroscope; picture-in-picture; web-share\" referrerpolicy=\"strict-origin-when-cross-origin\" allowfullscreen><\/iframe>\n<\/div><\/figure>\n\n\n\n<p>Interview mit Ingrid Lauterbach, Pr\u00e4sidentin des Deutschen Schachbundes (2025)<\/p>\n\n\n\n<figure class=\"wp-block-embed is-type-rich is-provider-handler-einbetten wp-block-embed-handler-einbetten wp-embed-aspect-16-9 wp-has-aspect-ratio\"><div class=\"wp-block-embed__wrapper\">\n<iframe loading=\"lazy\" title=\"Was ist los im Deutschen Schachbund: Im Gespr\u00e4ch mit Ingrid Lauterbach\" width=\"500\" height=\"281\" src=\"https:\/\/www.youtube.com\/embed\/l4XYmNIIpiM?feature=oembed\" frameborder=\"0\" allow=\"accelerometer; autoplay; clipboard-write; encrypted-media; gyroscope; picture-in-picture; web-share\" referrerpolicy=\"strict-origin-when-cross-origin\" allowfullscreen><\/iframe>\n<\/div><\/figure>\n\n\n\n<p>Interview mit Michael Langer<\/p>\n\n\n\n<p>Interview mit Christian Gl\u00f6ckler, einer der weltbesten 14-J\u00e4hrigen Schachspieler<\/p>\n\n\n\n<figure class=\"wp-block-embed is-type-video is-provider-youtube wp-block-embed-youtube wp-embed-aspect-16-9 wp-has-aspect-ratio\"><div class=\"wp-block-embed__wrapper\">\n<iframe loading=\"lazy\" title=\"Interview mit Christian Gl\u00f6ckler\" width=\"500\" height=\"281\" src=\"https:\/\/www.youtube.com\/embed\/x9vJiLHYWpE?feature=oembed\" frameborder=\"0\" allow=\"accelerometer; autoplay; clipboard-write; encrypted-media; gyroscope; picture-in-picture; web-share\" referrerpolicy=\"strict-origin-when-cross-origin\" allowfullscreen><\/iframe>\n<\/div><\/figure>\n\n\n\n<figure class=\"wp-block-embed is-type-video is-provider-youtube wp-block-embed-youtube wp-embed-aspect-16-9 wp-has-aspect-ratio\"><div class=\"wp-block-embed__wrapper\">\n<iframe loading=\"lazy\" title=\"Michael S. Langer: Nach 27 Jahren zum ersten Mal gefehlt\" width=\"500\" height=\"281\" src=\"https:\/\/www.youtube.com\/embed\/U77fYIQcU8c?start=17&#038;feature=oembed\" frameborder=\"0\" allow=\"accelerometer; autoplay; clipboard-write; encrypted-media; gyroscope; picture-in-picture; web-share\" referrerpolicy=\"strict-origin-when-cross-origin\" allowfullscreen><\/iframe>\n<\/div><\/figure>\n\n\n\n<p>Interview mit Jan Henrik Buettner, Unternehmer, Schachorganisator und Sponsor im Resort Weissenhaus (2025)<\/p>\n\n\n\n<figure class=\"wp-block-embed is-type-video is-provider-youtube wp-block-embed-youtube wp-embed-aspect-16-9 wp-has-aspect-ratio\"><div class=\"wp-block-embed__wrapper\">\n<iframe loading=\"lazy\" title=\"Interview mit Jan Henric Buettner im Weissenhaus\" width=\"500\" height=\"281\" src=\"https:\/\/www.youtube.com\/embed\/7_Kdvcjw8L0?feature=oembed\" frameborder=\"0\" allow=\"accelerometer; autoplay; clipboard-write; encrypted-media; gyroscope; picture-in-picture; web-share\" referrerpolicy=\"strict-origin-when-cross-origin\" allowfullscreen><\/iframe>\n<\/div><\/figure>\n\n\n\n<p>Interview mit GM Elisabeth P\u00e4htz (2024)<\/p>\n\n\n\n<figure class=\"wp-block-embed is-type-rich is-provider-handler-einbetten wp-block-embed-handler-einbetten wp-embed-aspect-16-9 wp-has-aspect-ratio\"><div class=\"wp-block-embed__wrapper\">\n<iframe loading=\"lazy\" title=\"Plauderei mit Elisabeth P\u00e4htz - Kochen, Karriere &amp; Karjakin\" width=\"500\" height=\"281\" src=\"https:\/\/www.youtube.com\/embed\/R6FsgfIXBPY?feature=oembed\" frameborder=\"0\" allow=\"accelerometer; autoplay; clipboard-write; encrypted-media; gyroscope; picture-in-picture; web-share\" referrerpolicy=\"strict-origin-when-cross-origin\" allowfullscreen><\/iframe>\n<\/div><\/figure>\n\n\n\n<p>Interview mit Frederik Svane, Nationalspieler, Vizeeuropameister, Gewinner einer Goldmedaille beider Schacholympiade in Budapest (2024)<\/p>\n\n\n\n<figure class=\"wp-block-embed is-type-video is-provider-youtube wp-block-embed-youtube wp-embed-aspect-16-9 wp-has-aspect-ratio\"><div class=\"wp-block-embed__wrapper\">\n<iframe loading=\"lazy\" title=\"Im Interview: Goldmedaillengewinner Frederik Svane\" width=\"500\" height=\"281\" src=\"https:\/\/www.youtube.com\/embed\/DSgN5MMTba4?feature=oembed\" frameborder=\"0\" allow=\"accelerometer; autoplay; clipboard-write; encrypted-media; gyroscope; picture-in-picture; web-share\" referrerpolicy=\"strict-origin-when-cross-origin\" allowfullscreen><\/iframe>\n<\/div><\/figure>\n\n\n\n<p>Interview mit Bundestrainer (2024)<\/p>\n\n\n\n<figure class=\"wp-block-embed is-type-video is-provider-youtube wp-block-embed-youtube wp-embed-aspect-16-9 wp-has-aspect-ratio\"><div class=\"wp-block-embed__wrapper\">\n<iframe loading=\"lazy\" title=\"Interview mit Jan Gustafsson\" width=\"500\" height=\"281\" src=\"https:\/\/www.youtube.com\/embed\/P5xWxzdZ7qI?feature=oembed\" frameborder=\"0\" allow=\"accelerometer; autoplay; clipboard-write; encrypted-media; gyroscope; picture-in-picture; web-share\" referrerpolicy=\"strict-origin-when-cross-origin\" allowfullscreen><\/iframe>\n<\/div><\/figure>\n\n\n\n<p>Interview mit Alexander von Gleich, Finanzexperte 2024)<\/p>\n\n\n\n<figure class=\"wp-block-embed is-type-video is-provider-youtube wp-block-embed-youtube wp-embed-aspect-16-9 wp-has-aspect-ratio\"><div class=\"wp-block-embed__wrapper\">\n<iframe loading=\"lazy\" title=\"Interview mit Alexander von Gleich\" width=\"500\" height=\"281\" src=\"https:\/\/www.youtube.com\/embed\/EmNlnAiBIw0?feature=oembed\" frameborder=\"0\" allow=\"accelerometer; autoplay; clipboard-write; encrypted-media; gyroscope; picture-in-picture; web-share\" referrerpolicy=\"strict-origin-when-cross-origin\" allowfullscreen><\/iframe>\n<\/div><\/figure>\n\n\n\n<p>Interview mit Rasmus Svane, Nationalspieler (2024)<\/p>\n\n\n\n<figure class=\"wp-block-embed is-type-video is-provider-youtube wp-block-embed-youtube wp-embed-aspect-16-9 wp-has-aspect-ratio\"><div class=\"wp-block-embed__wrapper\">\n<iframe loading=\"lazy\" title=\"Im Gespr\u00e4ch: Ein Interview mit Rasmus Svane\" width=\"500\" height=\"281\" src=\"https:\/\/www.youtube.com\/embed\/b2Zu-YgzBXo?feature=oembed\" frameborder=\"0\" allow=\"accelerometer; autoplay; clipboard-write; encrypted-media; gyroscope; picture-in-picture; web-share\" referrerpolicy=\"strict-origin-when-cross-origin\" allowfullscreen><\/iframe>\n<\/div><\/figure>\n\n\n\n<p>Interview mit Jan Henric Buettner, Unternehmer und Initiator des Freestyle Grand Slam 2024<\/p>\n\n\n\n<figure class=\"wp-block-embed is-type-video is-provider-youtube wp-block-embed-youtube wp-embed-aspect-16-9 wp-has-aspect-ratio\"><div class=\"wp-block-embed__wrapper\">\n<iframe loading=\"lazy\" title=\"Der Mann hinter dem Freestyle Chess in Weissenhaus : Ein Interview mit Jan Henric Buettner\" width=\"500\" height=\"281\" src=\"https:\/\/www.youtube.com\/embed\/oyXkt85I-uY?feature=oembed\" frameborder=\"0\" allow=\"accelerometer; autoplay; clipboard-write; encrypted-media; gyroscope; picture-in-picture; web-share\" referrerpolicy=\"strict-origin-when-cross-origin\" allowfullscreen><\/iframe>\n<\/div><\/figure>\n\n\n\n<p>Interview mit Elisabeth P\u00e4htz, beste deutsche Schachspielerin (2023)<\/p>\n\n\n\n<figure class=\"wp-block-embed is-type-video is-provider-youtube wp-block-embed-youtube wp-embed-aspect-16-9 wp-has-aspect-ratio\"><div class=\"wp-block-embed__wrapper\">\n<iframe loading=\"lazy\" title=\"Im Gespr\u00e4ch: Ein Interview mit Elisabeth Paehtz\" width=\"500\" height=\"281\" src=\"https:\/\/www.youtube.com\/embed\/Co4-yzi9XU0?feature=oembed\" frameborder=\"0\" allow=\"accelerometer; autoplay; clipboard-write; encrypted-media; gyroscope; picture-in-picture; web-share\" referrerpolicy=\"strict-origin-when-cross-origin\" allowfullscreen><\/iframe>\n<\/div><\/figure>\n\n\n\n<p>Interview mit Christan Zickelbein, langj\u00e4hriger Vorsitzender des Hamburger Schachklubs, Schachpromotor und Funktion\u00e4r in vielen Funktionen<\/p>\n\n\n\n<figure class=\"wp-block-embed is-type-video is-provider-youtube wp-block-embed-youtube wp-embed-aspect-16-9 wp-has-aspect-ratio\"><div class=\"wp-block-embed__wrapper\">\n<iframe loading=\"lazy\" title=\"Im Gespr\u00e4ch: Ein Interview mit Christian Zickelbein\" width=\"500\" height=\"281\" src=\"https:\/\/www.youtube.com\/embed\/5iBmjraGslU?feature=oembed\" frameborder=\"0\" allow=\"accelerometer; autoplay; clipboard-write; encrypted-media; gyroscope; picture-in-picture; web-share\" referrerpolicy=\"strict-origin-when-cross-origin\" allowfullscreen><\/iframe>\n<\/div><\/figure>\n\n\n\n<p>Interview mit Ullrich Krause, Pr\u00e4sident des Deutschen Schachbundes (2023)<\/p>\n\n\n\n<figure class=\"wp-block-embed is-type-video is-provider-youtube wp-block-embed-youtube wp-embed-aspect-16-9 wp-has-aspect-ratio\"><div class=\"wp-block-embed__wrapper\">\n<iframe loading=\"lazy\" title=\"Interview mit Ullrich Krause\" width=\"500\" height=\"281\" src=\"https:\/\/www.youtube.com\/embed\/xNhdXcbUK_E?feature=oembed\" frameborder=\"0\" allow=\"accelerometer; autoplay; clipboard-write; encrypted-media; gyroscope; picture-in-picture; web-share\" referrerpolicy=\"strict-origin-when-cross-origin\" allowfullscreen><\/iframe>\n<\/div><\/figure>\n\n\n\n<p>Interview mit Kevin H\u00f6gy, Sportdirektor des Deutschen Schachbundes (2023)<\/p>\n\n\n\n<figure class=\"wp-block-embed is-type-video is-provider-youtube wp-block-embed-youtube wp-embed-aspect-16-9 wp-has-aspect-ratio\"><div class=\"wp-block-embed__wrapper\">\n<iframe loading=\"lazy\" title=\"Interview mit Kevin Hoegy\" width=\"500\" height=\"281\" src=\"https:\/\/www.youtube.com\/embed\/q747TM7q8z4?feature=oembed\" frameborder=\"0\" allow=\"accelerometer; autoplay; clipboard-write; encrypted-media; gyroscope; picture-in-picture; web-share\" referrerpolicy=\"strict-origin-when-cross-origin\" allowfullscreen><\/iframe>\n<\/div><\/figure>\n\n\n\n<p>Interview mit Michael S. Langer (2022)<\/p>\n\n\n\n<figure class=\"wp-block-embed is-type-video is-provider-youtube wp-block-embed-youtube wp-embed-aspect-16-9 wp-has-aspect-ratio\"><div class=\"wp-block-embed__wrapper\">\n<iframe loading=\"lazy\" title=\"Michael S. Langer und Andre Schulz 28 10 2022\" width=\"500\" height=\"281\" src=\"https:\/\/www.youtube.com\/embed\/ng0l5w-L46A?feature=oembed\" frameborder=\"0\" allow=\"accelerometer; autoplay; clipboard-write; encrypted-media; gyroscope; picture-in-picture; web-share\" referrerpolicy=\"strict-origin-when-cross-origin\" allowfullscreen><\/iframe>\n<\/div><\/figure>\n\n\n\n<p>Interview mit Ullrich Krause (Pr\u00e4sident des Deutschen Schachbundes) und dem Gesch\u00e4ftsf\u00fchrer des DSB Marcus Fenner, beim FIDE Grand Prix 2018 in Hamburg<\/p>\n\n\n\n<figure class=\"wp-block-embed is-type-rich is-provider-handler-einbetten wp-block-embed-handler-einbetten wp-embed-aspect-16-9 wp-has-aspect-ratio\"><div class=\"wp-block-embed__wrapper\">\n<iframe loading=\"lazy\" title=\"Interview mit Ullrich Krause und Dr. Marcus Fenner 2019 (German)\" width=\"500\" height=\"281\" src=\"https:\/\/www.youtube.com\/embed\/-o6C5rPeQOs?feature=oembed\" frameborder=\"0\" allow=\"accelerometer; autoplay; clipboard-write; encrypted-media; gyroscope; picture-in-picture; web-share\" referrerpolicy=\"strict-origin-when-cross-origin\" allowfullscreen><\/iframe>\n<\/div><\/figure>\n\n\n\n<p>Interview mit Ullrich Krause, Pr\u00e4sident des Deutschen Schachbundes (2022)<\/p>\n\n\n\n<figure class=\"wp-block-embed is-type-rich is-provider-handler-einbetten wp-block-embed-handler-einbetten wp-embed-aspect-16-9 wp-has-aspect-ratio\"><div class=\"wp-block-embed__wrapper\">\n<iframe loading=\"lazy\" title=\"Interview mit Ullrich Krause | TV ChessBase mit Andr\u00e9 Schulz\" width=\"500\" height=\"281\" src=\"https:\/\/www.youtube.com\/embed\/6HDc763v-08?feature=oembed\" frameborder=\"0\" allow=\"accelerometer; autoplay; clipboard-write; encrypted-media; gyroscope; picture-in-picture; web-share\" referrerpolicy=\"strict-origin-when-cross-origin\" allowfullscreen><\/iframe>\n<\/div><\/figure>\n\n\n\n<p>Interview mit Bundesnachwuchstrainer Bernd V\u00f6kler (2018)<\/p>\n\n\n\n<figure class=\"wp-block-embed is-type-video is-provider-youtube wp-block-embed-youtube wp-embed-aspect-16-9 wp-has-aspect-ratio\"><div class=\"wp-block-embed__wrapper\">\n<iframe loading=\"lazy\" title=\"Interview mit Bernd V\u00f6kler - Hamburg Januar 2018 (German)\" width=\"500\" height=\"281\" src=\"https:\/\/www.youtube.com\/embed\/lwFcEsfoADI?feature=oembed\" frameborder=\"0\" allow=\"accelerometer; autoplay; clipboard-write; encrypted-media; gyroscope; picture-in-picture; web-share\" referrerpolicy=\"strict-origin-when-cross-origin\" allowfullscreen><\/iframe>\n<\/div><\/figure>\n\n\n\n<p>Interview mit dem Pr\u00e4sidenten des Nieders\u00e4chsischen Schachverbandes Michael S. Langer (2017)<\/p>\n\n\n\n<p><iframe loading=\"lazy\" src=\"https:\/\/www.youtube.com\/embed\/IdsAN2LTm1Q\" width=\"640\" height=\"360\" frameborder=\"0\" allowfullscreen=\"allowfullscreen\"><\/iframe><\/p>\n\n\n\n<p>Interview mit dem neuen Pr\u00e4sidenten des Deutschen Schachbundes Ullrich Krause (2017)<\/p>\n\n\n\n<p><iframe loading=\"lazy\" src=\"https:\/\/www.youtube.com\/embed\/sZxzo74qZ4o\" width=\"640\" height=\"360\" frameborder=\"0\" allowfullscreen=\"allowfullscreen\"><\/iframe><\/p>\n\n\n\n<p>Interview mit dem Pr\u00e4sidenten des Nieders\u00e4chsischen Schachverbandes Michael S. Langer (2017)<\/p>\n\n\n\n<p><iframe loading=\"lazy\" src=\"https:\/\/www.youtube.com\/embed\/oURPlMuIDj8\" width=\"640\" height=\"360\" frameborder=\"0\" allowfullscreen=\"allowfullscreen\"><\/iframe><\/p>\n\n\n\n<p>Interview mit dem Pr\u00e4sidenten des Deutschen Schachbundes Herbert Bastian (2017)<\/p>\n\n\n\n<p><iframe loading=\"lazy\" src=\"https:\/\/www.youtube.com\/embed\/uL890Zr6yJQ\" width=\"640\" height=\"360\" frameborder=\"0\" allowfullscreen=\"allowfullscreen\"><\/iframe><\/p>\n\n\n\n<p>Interview mit dem Pr\u00e4sidenten des Schachverbandes von Schleswig-Holstein Ullrich Krause (2017)<\/p>\n\n\n\n<p><iframe loading=\"lazy\" src=\"https:\/\/www.youtube.com\/embed\/rYg56V1BNds\" width=\"640\" height=\"360\" frameborder=\"0\" allowfullscreen=\"allowfullscreen\"><\/iframe><\/p>\n\n\n\n<p>Interview mit der besten deutschen Schachspielerin WGM Elisabeth P\u00e4htz (2017)<\/p>\n\n\n\n<p><iframe loading=\"lazy\" src=\"https:\/\/www.youtube.com\/embed\/syEYZ13MVMw\" width=\"640\" height=\"360\" frameborder=\"0\" allowfullscreen=\"allowfullscreen\"><\/iframe><\/p>\n\n\n\n<p>Interview mit dem Gro\u00dfmeister, Kommentator, Moderator und Autor&nbsp;Daniel King (2017)<\/p>\n\n\n\n<p><iframe loading=\"lazy\" src=\"https:\/\/www.youtube.com\/embed\/av6I1D4YsvY\" width=\"640\" height=\"360\" frameborder=\"0\" allowfullscreen=\"allowfullscreen\"><\/iframe><\/p>\n\n\n\n<p>Interview mit Elisabeth P\u00e4htz vor ihrer WM-Teilnahme in Teheran (2017)<\/p>\n\n\n\n<p><iframe loading=\"lazy\" src=\"https:\/\/www.youtube.com\/embed\/fqyKMeNjTRw\" width=\"640\" height=\"360\" frameborder=\"0\" allowfullscreen=\"allowfullscreen\"><\/iframe><\/p>\n\n\n\n<p>Interview mit dem Gro\u00dfmeister und fr\u00fcheren Weltmeisterschaftskandidaten Vlastimil Hort (2014)<\/p>\n\n\n\n<p><iframe loading=\"lazy\" src=\"https:\/\/www.youtube.com\/embed\/e-KaALwtQis\" width=\"640\" height=\"360\" frameborder=\"0\" allowfullscreen=\"allowfullscreen\"><\/iframe><\/p>\n\n\n\n<p><\/p>\n","protected":false},"excerpt":{"rendered":"<div class=\"mh-excerpt\"><p>Interview mit dem Pr\u00e4sidenten des Nieders\u00e4chsischen Schachbundes, Michael S. Langer (2025) Interview mit Ingrid Lauterbach, Pr\u00e4sidentin des Deutschen Schachbundes (2025) Interview mit Michael Langer Interview <a class=\"mh-excerpt-more\" href=\"http:\/\/www.andreschulz.de\/wordpress\/interview\/\" title=\"Interviews\">[&#8230;]<\/a><\/p>\n<\/div>","protected":false},"author":1,"featured_media":0,"parent":0,"menu_order":0,"comment_status":"closed","ping_status":"closed","template":"","meta":{"footnotes":""},"class_list":["post-263","page","type-page","status-publish","hentry"],"_links":{"self":[{"href":"http:\/\/www.andreschulz.de\/wordpress\/wp-json\/wp\/v2\/pages\/263","targetHints":{"allow":["GET"]}}],"collection":[{"href":"http:\/\/www.andreschulz.de\/wordpress\/wp-json\/wp\/v2\/pages"}],"about":[{"href":"http:\/\/www.andreschulz.de\/wordpress\/wp-json\/wp\/v2\/types\/page"}],"author":[{"embeddable":true,"href":"http:\/\/www.andreschulz.de\/wordpress\/wp-json\/wp\/v2\/users\/1"}],"replies":[{"embeddable":true,"href":"http:\/\/www.andreschulz.de\/wordpress\/wp-json\/wp\/v2\/comments?post=263"}],"version-history":[{"count":13,"href":"http:\/\/www.andreschulz.de\/wordpress\/wp-json\/wp\/v2\/pages\/263\/revisions"}],"predecessor-version":[{"id":1942,"href":"http:\/\/www.andreschulz.de\/wordpress\/wp-json\/wp\/v2\/pages\/263\/revisions\/1942"}],"wp:attachment":[{"href":"http:\/\/www.andreschulz.de\/wordpress\/wp-json\/wp\/v2\/media?parent=263"}],"curies":[{"name":"wp","href":"https:\/\/api.w.org\/{rel}","templated":true}]}}